{"id":40011,"date":"2021-05-18T13:18:57","date_gmt":"2021-05-18T13:18:57","guid":{"rendered":"https:\/\/www.ambifuego.net\/xtempx\/?post_type=product&#038;p=40011"},"modified":"2025-05-30T11:26:29","modified_gmt":"2025-05-30T09:26:29","slug":"chimenea-electrica-panoramica-1-2-3-caras","status":"publish","type":"product","link":"https:\/\/www.ambifuego.net\/es\/producto\/chimenea-electrica-panoramica-1-2-3-caras\/","title":{"rendered":"1-2-3 LADOS &#8211; 2400"},"content":{"rendered":"<p style=\"text-align: justify;\"><span style=\"font-family: verdana, geneva, sans-serif;\">Probablemente la chimenea el\u00e9ctrica panor\u00e1mica 1-2-3-caras m\u00e1s grande del mercado.\u00a0 De hecho, sus medidas 2,40 metros de largo, la hacen adecuada para grandes salones, halls de hoteles, restaurantes, etc&#8230; Es un producto muy vers\u00e1til y de fabricaci\u00f3n Europea de la m\u00e1s alta calidad. Este fabricante dota sus productos con la tecnolog\u00eda m\u00e1s avanzada, sus productos son reconocidos y galardonados.\u00a0\u00a0<\/span><\/p>\n<h2><span style=\"font-size: 12pt; font-family: verdana, geneva, sans-serif;\">Chimenea El\u00e9ctrica panor\u00e1mica 1-2-3-caras con amplia visi\u00f3n del fuego.<\/span><\/h2>\n<p style=\"text-align: justify;\"><span style=\"font-family: verdana, geneva, sans-serif;\">Esta chimenea,\u00a0 con troncos cer\u00e1micos decorativos y con el efecto de llamas muy real adem\u00e1s de un calefactor con dos potencias. Claro est\u00e1 es un producto de bajo consumo el\u00e9ctrico ya que el efecto de las llamas es con bombillas Leds.<\/span><\/p>\n<p style=\"text-align: justify;\"><span style=\"font-family: verdana, geneva, sans-serif;\">De hecho, tiene el total control del aparato con el mando a distancia <strong>e-tou<\/strong><strong>c<\/strong><strong>h\u00ae<\/strong> .\u00a0 Por lo tanto, con este mando a distancia puede\u00a0 controlar todas las opciones de funcionamiento de la chimenea. De manera similar y parecido a una tablet, el mando se compone de una\u00a0 pantalla t\u00e1ctil, con sistema de comunicaci\u00f3n bluetooth, recargable y naturalmente y port\u00e1til.\u00a0 Adem\u00e1s, cuenta con un termostato incorporado que le permite igualmente\u00a0 regular y mantener la temperatura\u00a0 seleccionada con facilidad.<\/span><\/p>\n<p style=\"text-align: justify;\"><span style=\"font-family: verdana, geneva, sans-serif;\">Asimismo, los productos <a href=\"https:\/\/www.ambifuego.net\/wp-content\/uploads\/2021\/05\/Built-Ins-2022_compressed.pdf\" target=\"_blank\" rel=\"noopener\">evoflame ultra hd\u00ae<\/a> vienen con cristales <strong>SCHOTT CONTURAN\u00ae MAGIC.\u00a0 \u00a0<\/strong> Estos cristales tienen la caracter\u00edstica de dar la sensaci\u00f3n de la no existencia de un cristal frontal.<\/span><\/p>\n<p style=\"text-align: justify;\"><span style=\"font-family: verdana, geneva, sans-serif;\">Por consiguiente esta chimenea se fabrica en tres versiones, de frente , de esquina\u00a0 derecha o izquierda\u00a0 y tambi\u00e9n a 3 caras.<\/span><\/p>\n<ul style=\"text-align: justify;\">\n<li><span style=\"font-family: verdana, geneva, sans-serif;\"><strong>Fabricado en Europa<\/strong><\/span><\/li>\n<li><span style=\"font-family: verdana, geneva, sans-serif;\">Chimenea el\u00e9ctrica panor\u00e1mica 1-2-3-caras\u00a0<\/span><\/li>\n<li><span id=\"result_box\" lang=\"es\" style=\"font-family: verdana, geneva, sans-serif;\">Cristal antireflejos<\/span><\/li>\n<li><span style=\"font-family: verdana, geneva, sans-serif;\">Gran realismo y bombillas Led- bajo consumo<\/span><\/li>\n<li><span style=\"font-family: verdana, geneva, sans-serif;\">e-touch-Control (App) &#8211; Mando a distancia (disponible en breve)<\/span><\/li>\n<li><span style=\"font-family: verdana, geneva, sans-serif;\">Gran realismo y visi\u00f3n del fuego<\/span><\/li>\n<li><span style=\"font-family: verdana, geneva, sans-serif;\"><strong>Le\u00f1os cer\u00e1micos &#8211; Gran Calidad- Piedras<\/strong><\/span><\/li>\n<li><span style=\"font-family: verdana, geneva, sans-serif;\">Adem\u00e1s con efecto brasas calientes<\/span><\/li>\n<li><span id=\"result_box\" lang=\"es\" style=\"font-family: verdana, geneva, sans-serif;\">Potencia calefactor a partir de 750 &#8211; 1500 W<\/span><\/li>\n<li><span id=\"result_box\" lang=\"es\" style=\"font-family: verdana, geneva, sans-serif;\">Opci\u00f3n: Nitra-Flame &#8211; Llamas multicolores<\/span><\/li>\n<li><span style=\"font-family: verdana, geneva, sans-serif;\">\u00a0 \u00a0 \u00a0 \u00a0 \u00a0 \u00a0 \u00a0 \u00a0Radia-Flame- Llamas amarillas<\/span><\/li>\n<li><span style=\"font-family: verdana, geneva, sans-serif;\">Para m\u00e1s informaci\u00f3n &#8211; <\/span><\/li>\n<li><span style=\"font-family: verdana, geneva, sans-serif;\"><a href=\"https:\/\/www.ambifuego.net\/wp-content\/uploads\/2021\/05\/EVONIC-2021.pdf\" target=\"_blank\" rel=\"noopener\">Cat\u00e1logo<\/a>\u00a0<\/span><\/li>\n<li><a href=\"https:\/\/www.ambifuego.net\/contacto\/\" target=\"_blank\" rel=\"noopener\"><span style=\"font-family: verdana, geneva, sans-serif;\">PVP &#8211; Disponibilidad<\/span><\/a><\/li>\n<li><a href=\"https:\/\/vimeo.com\/ambifuego\" target=\"_blank\" rel=\"noopener\"><span style=\"font-family: verdana, geneva, sans-serif;\">Videos<\/span><\/a><\/li>\n<\/ul>\n<figure id=\"attachment_49273\" aria-describedby=\"caption-attachment-49273\" style=\"width: 749px\" class=\"wp-caption alignnone\"><img fetchpriority=\"high\" decoding=\"async\" class=\" wp-image-49273\" src=\"https:\/\/www.ambifuego.net\/wp-content\/uploads\/2021\/05\/2400-electrico-medidas_optimized.jpg\" alt=\"chimenea el\u00e9ctrica 2400 medidas electric fire - elektro kamin\" width=\"749\" height=\"207\" srcset=\"https:\/\/www.ambifuego.net\/wp-content\/uploads\/2021\/05\/2400-electrico-medidas_optimized.jpg 991w, https:\/\/www.ambifuego.net\/wp-content\/uploads\/2021\/05\/2400-electrico-medidas_optimized-480x133.jpg 480w, https:\/\/www.ambifuego.net\/wp-content\/uploads\/2021\/05\/2400-electrico-medidas_optimized-768x212.jpg 768w, https:\/\/www.ambifuego.net\/wp-content\/uploads\/2021\/05\/2400-electrico-medidas_optimized-780x216.jpg 780w, https:\/\/www.ambifuego.net\/wp-content\/uploads\/2021\/05\/2400-electrico-medidas_optimized-880x243.jpg 880w, https:\/\/www.ambifuego.net\/wp-content\/uploads\/2021\/05\/2400-electrico-medidas_optimized-800x221.jpg 800w\" sizes=\"(max-width: 749px) 100vw, 749px\" \/><figcaption id=\"caption-attachment-49273\" class=\"wp-caption-text\">chimenea el\u00e9ctrica 2400 medidas &#8211; electric fire &#8211;\u00a0 elektrokamin<\/figcaption><\/figure>\n","protected":false},"excerpt":{"rendered":"<p><img decoding=\"async\" class=\"size-medium wp-image-49158\" src=\"https:\/\/www.ambifuego.net\/wp-content\/uploads\/2021\/05\/chimenea-electrica-panoramica-2400-3-lados_optimized-480x307.jpg\" alt=\"chimenea el\u00e9ctrica panoramica 2400 3 lados - electric fire big - Breite Elektrokamin\" width=\"480\" height=\"307\" \/><\/p>\n","protected":false},"featured_media":74399,"template":"","meta":[],"product_brand":[],"product_cat":[259,260],"product_tag":[],"class_list":{"0":"post-40011","1":"product","2":"type-product","3":"status-publish","4":"has-post-thumbnail","6":"product_cat-chimeneas-electricas-decorativas-modernas-calefactor","7":"product_cat-electricas-panoramicas","9":"first","10":"instock","11":"shipping-taxable","12":"product-type-simple"},"_links":{"self":[{"href":"https:\/\/www.ambifuego.net\/es\/wp-json\/wp\/v2\/product\/40011","targetHints":{"allow":["GET"]}}],"collection":[{"href":"https:\/\/www.ambifuego.net\/es\/wp-json\/wp\/v2\/product"}],"about":[{"href":"https:\/\/www.ambifuego.net\/es\/wp-json\/wp\/v2\/types\/product"}],"version-history":[{"count":0,"href":"https:\/\/www.ambifuego.net\/es\/wp-json\/wp\/v2\/product\/40011\/revisions"}],"wp:featuredmedia":[{"embeddable":true,"href":"https:\/\/www.ambifuego.net\/es\/wp-json\/wp\/v2\/media\/74399"}],"wp:attachment":[{"href":"https:\/\/www.ambifuego.net\/es\/wp-json\/wp\/v2\/media?parent=40011"}],"wp:term":[{"taxonomy":"product_brand","embeddable":true,"href":"https:\/\/www.ambifuego.net\/es\/wp-json\/wp\/v2\/product_brand?post=40011"},{"taxonomy":"product_cat","embeddable":true,"href":"https:\/\/www.ambifuego.net\/es\/wp-json\/wp\/v2\/product_cat?post=40011"},{"taxonomy":"product_tag","embeddable":true,"href":"https:\/\/www.ambifuego.net\/es\/wp-json\/wp\/v2\/product_tag?post=40011"}],"curies":[{"name":"wp","href":"https:\/\/api.w.org\/{rel}","templated":true}]}}