{"id":15209,"date":"2017-09-26T15:25:28","date_gmt":"2017-09-26T15:25:28","guid":{"rendered":"https:\/\/www.ambifuego.net\/xtempx\/web17\/?post_type=product&#038;p=15209"},"modified":"2026-03-17T13:26:53","modified_gmt":"2026-03-17T12:26:53","slug":"cuencos-barbacoas-fogatas-lena","status":"publish","type":"product","link":"https:\/\/www.ambifuego.net\/es\/producto\/cuencos-barbacoas-fogatas-lena\/","title":{"rendered":"CUENCOS FUEGO"},"content":{"rendered":"<p>&nbsp;<\/p>\n<p style=\"text-align: justify;\"><span style=\"font-family: verdana, geneva, sans-serif;\">Le presentamos Cuencos &#8211; Barbacoas &#8211; Fogatas &#8211; Le\u00f1a, de acero corten, con visi\u00f3n \u00f3xido, pero de gran durabilidad. Modernos, dise\u00f1o y sin duda un punto focal en su jard\u00edn o terraza. Un\u00a0<em class=\"hcV4Re nkGKTb\">brasero de jard\u00edn<\/em> independiente de su alta calidad tambi\u00e9n es un elemento decorativo \u00fanico y muy moderno. Ambiente confortable y una calidez natural que hacen m\u00e1s agradables las reuniones en el <em class=\"hcV4Re nkGKTb\">jard\u00edn<\/em>.<\/span><\/p>\n<p style=\"text-align: justify;\"><span style=\"font-family: verdana, geneva, sans-serif;\"> \u00daltimamente el precio de la electricidad, o del gas y los combustibles suben casi cada d\u00eda. Todos estamos tratando de ahorrar en consumo en la medida de lo posible, pero cuando las temperaturas son de invierno, los d\u00edas a\u00fan no son muy largos y, por tanto, tanto para iluminar como para calentarnos toca buscar otras opciones. Por ello un <em>brasero de le\u00f1a y carb\u00f3n de exterior<\/em> puede ser una buena alternativa. Podemos mantener una temperatura confortable tambi\u00e9n en el exterior de nuestro hogar sin incrementar el consumo de electricidad o el gas.\u00a0<\/span><\/p>\n<div class='yrm-content yrm-content-1 yrm-content-hide  ' id='yrm-08iMr' data-id='1' data-show-status='false' data-after-action='' style=\"visibility: hidden;height: 0;\">\n\t\t\t<div id='yrm-inner-content-yrm-08iMr' class='yrm-inner-content-wrapper yrm-cntent-1'><\/p>\n<h2 style=\"text-align: justify;\"><span style=\"font-size: 12pt; font-family: verdana, geneva, sans-serif;\"> Cuencos &#8211; Fogatas &#8211; Brasero &#8211; Le\u00f1a- Ideales para veladas en el jard\u00edn o la terraza.<\/span><\/h2>\n<p style=\"text-align: justify;\"><span style=\"font-family: verdana, geneva, sans-serif;\">Con este y original brasero exterior de dise\u00f1o minimalista y moderno para hacer hogueras y fogatas en el exterior.\u00a0 Disponible con un di\u00e1metro de 100 cm de ancho x 22 cm de alto.<\/span><\/p>\n<p style=\"text-align: justify;\"><span style=\"font-family: verdana, geneva, sans-serif;\">Es una medida bastante grande con la que podr\u00e1 disfrutar tanto de una llama que ilumine y aporte calidez al entorno, como de unas ascuas incandescentes y perfectas para asar alimentos.<\/span><\/p>\n<p style=\"text-align: justify;\"><span style=\"font-family: verdana, geneva, sans-serif;\">Estos cuencos, brasero\u00a0 est\u00e1n hechos con acero corten. Qu\u00e9 es acero Corten? El <b>acero auto-patinable<\/b> tambi\u00e9n conocido comercialmente en Espa\u00f1a como Corten o Cor-ten. Este acero est\u00e1 fabricado con una composici\u00f3n qu\u00edmica particular. Se produce un efecto superficial de oxidaci\u00f3n, pero en realidad el material est\u00e1 protegido. No pierden pr\u00e1cticamente ninguna de sus caracter\u00edsticas mec\u00e1nicas a pesar de la corrosi\u00f3n\u00a0atmosf\u00e9rica.<\/span><\/p>\n<p style=\"text-align: justify;\"><span style=\"font-family: verdana, geneva, sans-serif;\">Para veladas\u00a0 confortables y parrilladas con familia y amigos, nada como cuencos barbacoas fogatas le\u00f1a.<\/span><\/p>\n<ul>\n<li style=\"text-align: justify;\"><span style=\"font-family: verdana, geneva, sans-serif;\">Cuencos de <a href=\"https:\/\/es.wikipedia.org\/wiki\/Acero_corten\" target=\"_blank\" rel=\"noopener\">Acero Corten<\/a><\/span><\/li>\n<li style=\"text-align: justify;\"><span style=\"font-family: verdana, geneva, sans-serif;\">Para uso con le\u00f1a o carb\u00f3n<\/span><\/li>\n<li style=\"text-align: justify;\"><span style=\"font-family: verdana, geneva, sans-serif;\">Adem\u00e1s algunos modelos disponen de parrillas<\/span><\/li>\n<li style=\"text-align: justify;\"><span style=\"font-family: verdana, geneva, sans-serif;\">Asimismo Puede adaptarse con un quemador de gas<\/span><\/li>\n<li style=\"text-align: justify;\"><span style=\"font-family: verdana, geneva, sans-serif;\">Amplia gama de modelos<\/span><\/li>\n<li style=\"text-align: justify;\"><span style=\"font-family: verdana, geneva, sans-serif;\">*M\u00e1s informaci\u00f3n <a href=\"https:\/\/www.ambifuego.net\/wp-content\/uploads\/2023\/06\/05-06-23-bbq.pub2_compressed-1.pdf\" target=\"_blank\" rel=\"noopener\">&#8211; Cat\u00e1logo &#8211;<\/a><\/span><\/li>\n<\/ul>\n<p><\/div>\n\t\t<\/div><div class='yrm-btn-wrapper yrm-btn-wrapper-1 yrm-more-button-wrapper  '\n\t\tdata-custom-more-class-name='' data-custom-less-class-name=''><span title='' data-less-title='' data-more-title='' class='yrm-toggle-expand  yrm-toggle-expand-1 ' data-rel='yrm-08iMr' data-more='M\u00e1s detalles ' data-less='Ver menos'><span class='yrm-text-wrapper yrm-text-wrapper-custom-dimensions'><span class=\"yrm-button-text-1 yrm-button-text-span\">M\u00e1s detalles <\/span><\/span><\/span><\/div>\n","protected":false},"excerpt":{"rendered":"[caption id=\"attachment_44798\" align=\"alignnone\" width=\"478\"]<img fetchpriority=\"high\" decoding=\"async\" class=\"wp-image-44798 size-full\" src=\"https:\/\/www.ambifuego.net\/wp-content\/uploads\/2017\/09\/circular1_optimized.jpg\" alt=\"Cuencos - Barbacoas - Fogatas - Le\u00f1a - circular\" width=\"478\" height=\"320\" srcset=\"https:\/\/www.ambifuego.net\/wp-content\/uploads\/2017\/09\/circular1_optimized.jpg 478w, https:\/\/www.ambifuego.net\/wp-content\/uploads\/2017\/09\/circular1_optimized-403x270.jpg 403w\" sizes=\"(max-width: 478px) 100vw, 478px\" \/> Cuencos &#8211; Barbacoas &#8211; Fogatas &#8211; Le\u00f1a &#8211; circular[\/caption]\n","protected":false},"featured_media":79960,"template":"","meta":[],"product_brand":[],"product_cat":[274],"product_tag":[],"class_list":{"0":"post-15209","1":"product","2":"type-product","3":"status-publish","4":"has-post-thumbnail","6":"product_cat-chimeneas-de-lena-para-jardin","8":"first","9":"instock","10":"shipping-taxable","11":"product-type-simple"},"_links":{"self":[{"href":"https:\/\/www.ambifuego.net\/es\/wp-json\/wp\/v2\/product\/15209","targetHints":{"allow":["GET"]}}],"collection":[{"href":"https:\/\/www.ambifuego.net\/es\/wp-json\/wp\/v2\/product"}],"about":[{"href":"https:\/\/www.ambifuego.net\/es\/wp-json\/wp\/v2\/types\/product"}],"version-history":[{"count":1,"href":"https:\/\/www.ambifuego.net\/es\/wp-json\/wp\/v2\/product\/15209\/revisions"}],"predecessor-version":[{"id":83655,"href":"https:\/\/www.ambifuego.net\/es\/wp-json\/wp\/v2\/product\/15209\/revisions\/83655"}],"wp:featuredmedia":[{"embeddable":true,"href":"https:\/\/www.ambifuego.net\/es\/wp-json\/wp\/v2\/media\/79960"}],"wp:attachment":[{"href":"https:\/\/www.ambifuego.net\/es\/wp-json\/wp\/v2\/media?parent=15209"}],"wp:term":[{"taxonomy":"product_brand","embeddable":true,"href":"https:\/\/www.ambifuego.net\/es\/wp-json\/wp\/v2\/product_brand?post=15209"},{"taxonomy":"product_cat","embeddable":true,"href":"https:\/\/www.ambifuego.net\/es\/wp-json\/wp\/v2\/product_cat?post=15209"},{"taxonomy":"product_tag","embeddable":true,"href":"https:\/\/www.ambifuego.net\/es\/wp-json\/wp\/v2\/product_tag?post=15209"}],"curies":[{"name":"wp","href":"https:\/\/api.w.org\/{rel}","templated":true}]}}