{"id":78451,"date":"2025-09-25T10:39:18","date_gmt":"2025-09-25T08:39:18","guid":{"rendered":"https:\/\/www.ambifuego.net\/mediathek-2\/"},"modified":"2025-09-25T10:39:18","modified_gmt":"2025-09-25T08:39:18","slug":"mediathek-2","status":"publish","type":"page","link":"https:\/\/www.ambifuego.net\/es\/mediathek-2\/","title":{"rendered":"Mediathek"},"content":{"rendered":"<h2>Mediathek von Gas-, Elektro-, und Holzkaminen<\/h2>\t\t\t\t\n\t\t<p>Mediathek von Kamin Hersteller und Verteiler in Spanien \u2013 In diesem Bereich zeigen wir Ihnen eine Auswahl unserer Kaminmodelle und einige Beispiele unserer Arbeit. Jedes Projekt spiegelt eine Kombination aus Design, Effizienz und Qualit\u00e4t mit sorgf\u00e4ltig gefertigten Oberfl\u00e4chen wider. <\/p>\t\t\n\t\t\t<figure class=\"gallery-item\">\n\t\t\t\t<a data-elementor-open-lightbox=\"yes\" data-elementor-lightbox-slideshow=\"42d834d\" data-elementor-lightbox-title=\"80-ED-ESQUINA-_1050x700px_1_DRU_Lugo_80-2_n_11zon_11zon_11zon\" data-e-action-hash=\"#elementor-action%3Aaction%3Dlightbox%26settings%3DeyJpZCI6Nzc2NTEsInVybCI6Imh0dHBzOlwvXC93d3cuYW1iaWZ1ZWdvLm5ldFwvd3AtY29udGVudFwvdXBsb2Fkc1wvMjAyNVwvMDlcLzgwLUVELUVTUVVJTkEtXzEwNTB4NzAwcHhfMV9EUlVfTHVnb184MC0yX25fMTF6b25fMTF6b25fMTF6b24ud2VicCIsInNsaWRlc2hvdyI6IjQyZDgzNGQifQ%3D%3D\" href=\"https:\/\/www.ambifuego.net\/wp-content\/uploads\/2025\/09\/80-ED-ESQUINA-_1050x700px_1_DRU_Lugo_80-2_n_11zon_11zon_11zon.webp\"><img fetchpriority=\"high\" width=\"400\" height=\"295\" src=\"https:\/\/www.ambifuego.net\/wp-content\/uploads\/2025\/09\/80-ED-ESQUINA-_1050x700px_1_DRU_Lugo_80-2_n_11zon_11zon_11zon-400x295.webp\" alt=\"Eckkamin 80 ed\" decoding=\"async\"><\/a>\n\t\t\t<\/figure><figure class=\"gallery-item\">\n\t\t\t\t<a data-elementor-open-lightbox=\"yes\" data-elementor-lightbox-slideshow=\"42d834d\" data-elementor-lightbox-title=\"quemador exterior rectangular gas\" data-e-action-hash=\"#elementor-action%3Aaction%3Dlightbox%26settings%3DeyJpZCI6NzcyMDAsInVybCI6Imh0dHBzOlwvXC93d3cuYW1iaWZ1ZWdvLm5ldFwvd3AtY29udGVudFwvdXBsb2Fkc1wvMjAyNVwvMDhcL1FVRU1BRE9SLUVYVEVSSU9SLVJFQ1RBTkdVTE9fMTF6b25fMTF6b24ud2VicCIsInNsaWRlc2hvdyI6IjQyZDgzNGQifQ%3D%3D\" data-elementor-lightbox-description=\"quemador exterior rectangular gas\" href=\"https:\/\/www.ambifuego.net\/wp-content\/uploads\/2025\/08\/QUEMADOR-EXTERIOR-RECTANGULO_11zon_11zon.webp\"><img width=\"400\" height=\"295\" src=\"https:\/\/www.ambifuego.net\/wp-content\/uploads\/2025\/08\/QUEMADOR-EXTERIOR-RECTANGULO_11zon_11zon-400x295.webp\" alt=\"Rechteckiger Gasbrenner f\u00fcr den Au\u00dfenbereich. Mediathek H\u00e4ndler Hersteller Kamine\" aria-describedby=\"gallery-1-77200\" decoding=\"async\"><\/a>\n\t\t\t\t<figcaption class=\"wp-caption-text gallery-caption\" id=\"gallery-1-77200\">\n Rechteckiger Gasbrenner f\u00fcr den Au\u00dfenbereich. Mediathek H\u00e4ndler Hersteller Kamine\n\t\t\t\t<\/figcaption><\/figure><figure class=\"gallery-item\">\n\t\t\t\t<a data-elementor-open-lightbox=\"yes\" data-elementor-lightbox-slideshow=\"42d834d\" data-elementor-lightbox-title=\"parrillas bbq acero inoxidable\" data-e-action-hash=\"#elementor-action%3Aaction%3Dlightbox%26settings%3DeyJpZCI6NzcxOTcsInVybCI6Imh0dHBzOlwvXC93d3cuYW1iaWZ1ZWdvLm5ldFwvd3AtY29udGVudFwvdXBsb2Fkc1wvMjAyNVwvMDhcL3BhcnJpbGxhcy1jb24tYWxpbWVudG9zXzExem9uLTFfMTF6b24ud2VicCIsInNsaWRlc2hvdyI6IjQyZDgzNGQifQ%3D%3D\" data-elementor-lightbox-description=\"barbacoa gas acero inoxidable  \" href=\"https:\/\/www.ambifuego.net\/wp-content\/uploads\/2025\/08\/parrillas-con-alimentos_11zon-1_11zon.webp\"><img width=\"400\" height=\"295\" src=\"https:\/\/www.ambifuego.net\/wp-content\/uploads\/2025\/08\/parrillas-con-alimentos_11zon-1_11zon-400x295.webp\" alt=\"Edelstahl-Gasgrill\" aria-describedby=\"gallery-1-77197\" decoding=\"async\"><\/a>\n\t\t\t\t<figcaption class=\"wp-caption-text gallery-caption\" id=\"gallery-1-77197\">\n Edelstahl-Gasgrill \n\t\t\t\t<\/figcaption><\/figure><figure class=\"gallery-item\">\n\t\t\t\t<a data-elementor-open-lightbox=\"yes\" data-elementor-lightbox-slideshow=\"42d834d\" data-elementor-lightbox-title=\"estufa pellets circular\" data-e-action-hash=\"#elementor-action%3Aaction%3Dlightbox%26settings%3DeyJpZCI6NzcxOTQsInVybCI6Imh0dHBzOlwvXC93d3cuYW1iaWZ1ZWdvLm5ldFwvd3AtY29udGVudFwvdXBsb2Fkc1wvMjAyNVwvMDhcLzIwMjRfVEVQT1ItQklPTUFTUy1URUNITklDQUwtQk9PSy0xOV8xMXpvbi0xXzExem9uLndlYnAiLCJzbGlkZXNob3ciOiI0MmQ4MzRkIn0%3D\" data-elementor-lightbox-description=\"estufa pellet circular  \" href=\"https:\/\/www.ambifuego.net\/wp-content\/uploads\/2025\/08\/2024_TEPOR-BIOMASS-TECHNICAL-BOOK-19_11zon-1_11zon.webp\"><img loading=\"lazy\" width=\"400\" height=\"295\" src=\"https:\/\/www.ambifuego.net\/wp-content\/uploads\/2025\/08\/2024_TEPOR-BIOMASS-TECHNICAL-BOOK-19_11zon-1_11zon-400x295.webp\" alt=\"runder Pelletofen\" aria-describedby=\"gallery-1-77194\" decoding=\"async\"><\/a>\n\t\t\t\t<figcaption class=\"wp-caption-text gallery-caption\" id=\"gallery-1-77194\">\n runder Pelletofen \n\t\t\t\t<\/figcaption><\/figure><figure class=\"gallery-item\">\n\t\t\t\t<a data-elementor-open-lightbox=\"yes\" data-elementor-lightbox-slideshow=\"42d834d\" data-elementor-lightbox-title=\"IRONHEARTH ESSE_Cocina fundici\u00f3n\" data-e-action-hash=\"#elementor-action%3Aaction%3Dlightbox%26settings%3DeyJpZCI6NzcxOTEsInVybCI6Imh0dHBzOlwvXC93d3cuYW1iaWZ1ZWdvLm5ldFwvd3AtY29udGVudFwvdXBsb2Fkc1wvMjAyNVwvMDhcL0lST05IRUFSVEgtRVNTRV8xMXpvbl8xMXpvbi53ZWJwIiwic2xpZGVzaG93IjoiNDJkODM0ZCJ9\" data-elementor-lightbox-description=\"cocina fundicion ironhearth fundici\u00f3n le\u00f1a\" href=\"https:\/\/www.ambifuego.net\/wp-content\/uploads\/2025\/08\/IRONHEARTH-ESSE_11zon_11zon.webp\"><img loading=\"lazy\" width=\"400\" height=\"295\" src=\"https:\/\/www.ambifuego.net\/wp-content\/uploads\/2025\/08\/IRONHEARTH-ESSE_11zon_11zon-400x295.webp\" alt=\"cocina fundicion ironhearth Galeria Distribuidor Fabricante Chimeneas\" aria-describedby=\"gallery-1-77191\" decoding=\"async\"><\/a>\n\t\t\t\t<figcaption class=\"wp-caption-text gallery-caption\" id=\"gallery-1-77191\">\n Ironhearth Gusseisen K\u00fcche Galerie Distributor Hersteller\n\t\t\t\t<\/figcaption><\/figure><figure class=\"gallery-item\">\n\t\t\t\t<a data-elementor-open-lightbox=\"yes\" data-elementor-lightbox-slideshow=\"42d834d\" data-elementor-lightbox-title=\"llams gas- CERAGLASS_11zon_11zon\" data-e-action-hash=\"#elementor-action%3Aaction%3Dlightbox%26settings%3DeyJpZCI6NzYzOTcsInVybCI6Imh0dHBzOlwvXC93d3cuYW1iaWZ1ZWdvLm5ldFwvd3AtY29udGVudFwvdXBsb2Fkc1wvMjAyNVwvMDdcL2xsYW1zLWdhcy1DRVJBR0xBU1NfMTF6b25fMTF6b24ud2VicCIsInNsaWRlc2hvdyI6IjQyZDgzNGQifQ%3D%3D\" data-elementor-lightbox-description=\"ceraglass reflejo llamas\" href=\"https:\/\/www.ambifuego.net\/wp-content\/uploads\/2025\/07\/llams-gas-CERAGLASS_11zon_11zon.webp\"><img loading=\"lazy\" width=\"400\" height=\"295\" src=\"https:\/\/www.ambifuego.net\/wp-content\/uploads\/2025\/07\/llams-gas-CERAGLASS_11zon_11zon-400x295.webp\" alt=\"ceraglass reflejo llamas\" aria-describedby=\"gallery-1-76397\" decoding=\"async\"><\/a>\n\t\t\t\t<figcaption class=\"wp-caption-text gallery-caption\" id=\"gallery-1-76397\">\n Ceraglass Flammenreflexion\n\t\t\t\t<\/figcaption><\/figure><figure class=\"gallery-item\">\n\t\t\t\t<a data-elementor-open-lightbox=\"yes\" data-elementor-lightbox-slideshow=\"42d834d\" data-elementor-lightbox-title=\"15Metro_150XT_Eco_Wave_\" data-e-action-hash=\"#elementor-action%3Aaction%3Dlightbox%26settings%3DeyJpZCI6NzYzODQsInVybCI6Imh0dHBzOlwvXC93d3cuYW1iaWZ1ZWdvLm5ldFwvd3AtY29udGVudFwvdXBsb2Fkc1wvMjAyNVwvMDdcLzE1MEVEXzEwNTB4NzAwcHhfMV9EUlVfTWV0cm9fMTUwWFRfRWNvX1dhdmVfMTF6b25fMTF6b25fMTF6b24ud2VicCIsInNsaWRlc2hvdyI6IjQyZDgzNGQifQ%3D%3D\" data-elementor-lightbox-description=\"chimenea panoramica frente gas 150 ED\" href=\"https:\/\/www.ambifuego.net\/wp-content\/uploads\/2025\/07\/150ED_1050x700px_1_DRU_Metro_150XT_Eco_Wave_11zon_11zon_11zon.webp\"><img loading=\"lazy\" width=\"400\" height=\"295\" src=\"https:\/\/www.ambifuego.net\/wp-content\/uploads\/2025\/07\/150ED_1050x700px_1_DRU_Metro_150XT_Eco_Wave_11zon_11zon_11zon-400x295.webp\" alt=\"chimenea panoramica frente gas 150 ED\" aria-describedby=\"gallery-1-76384\" decoding=\"async\"><\/a>\n\t\t\t\t<figcaption class=\"wp-caption-text gallery-caption\" id=\"gallery-1-76384\">\n Panorama Front Gaskamin 150 ED\n\t\t\t\t<\/figcaption><\/figure><figure class=\"gallery-item\">\n\t\t\t\t<a data-elementor-open-lightbox=\"yes\" data-elementor-lightbox-slideshow=\"42d834d\" data-elementor-lightbox-title=\"frente gas 100ed_11zon_11zon\" data-e-action-hash=\"#elementor-action%3Aaction%3Dlightbox%26settings%3DeyJpZCI6NzYzMDIsInVybCI6Imh0dHBzOlwvXC93d3cuYW1iaWZ1ZWdvLm5ldFwvd3AtY29udGVudFwvdXBsb2Fkc1wvMjAyNVwvMDdcL2ZyZW50ZS1nYXMtMTAwZWRfMTF6b25fMTF6b24tMS53ZWJwIiwic2xpZGVzaG93IjoiNDJkODM0ZCJ9\" data-elementor-lightbox-description=\"chimenea panoramica frente gas 100Ed\" href=\"https:\/\/www.ambifuego.net\/wp-content\/uploads\/2025\/07\/frente-gas-100ed_11zon_11zon-1.webp\"><img loading=\"lazy\" width=\"400\" height=\"295\" src=\"https:\/\/www.ambifuego.net\/wp-content\/uploads\/2025\/07\/frente-gas-100ed_11zon_11zon-1-400x295.webp\" alt=\"Panorama Front Gaskamin 100 ED\" aria-describedby=\"gallery-1-76302\" decoding=\"async\"><\/a>\n\t\t\t\t<figcaption class=\"wp-caption-text gallery-caption\" id=\"gallery-1-76302\">\n Panorama Front Gaskamin 100Ed\n\t\t\t\t<\/figcaption><\/figure><figure class=\"gallery-item\">\n\t\t\t\t<a data-elementor-open-lightbox=\"yes\" data-elementor-lightbox-slideshow=\"42d834d\" data-elementor-lightbox-title=\"Metro_80XT_piedra blancas_11zon_11zon\" data-e-action-hash=\"#elementor-action%3Aaction%3Dlightbox%26settings%3DeyJpZCI6NzYyNjIsInVybCI6Imh0dHBzOlwvXC93d3cuYW1iaWZ1ZWdvLm5ldFwvd3AtY29udGVudFwvdXBsb2Fkc1wvMjAyNVwvMDdcLzEwNTB4NzAwcHhfMl9EUlVfTWV0cm9fODBYVF9waWVkcmEtYmxhbmNhc18xMXpvbl8xMXpvbi53ZWJwIiwic2xpZGVzaG93IjoiNDJkODM0ZCJ9\" data-elementor-lightbox-description=\"PANORAMICA FRENTE GAS 80ED\" href=\"https:\/\/www.ambifuego.net\/wp-content\/uploads\/2025\/07\/1050x700px_2_DRU_Metro_80XT_piedra-blancas_11zon_11zon.webp\"><img loading=\"lazy\" width=\"400\" height=\"295\" src=\"https:\/\/www.ambifuego.net\/wp-content\/uploads\/2025\/07\/1050x700px_2_DRU_Metro_80XT_piedra-blancas_11zon_11zon-400x295.webp\" alt=\"Panorama Gaskamin Front 80ED\" aria-describedby=\"gallery-1-76262\" decoding=\"async\"><\/a>\n\t\t\t\t<figcaption class=\"wp-caption-text gallery-caption\" id=\"gallery-1-76262\">\n Panorama Gaskamin Front 80ED\n\t\t\t\t<\/figcaption><\/figure><figure class=\"gallery-item\">\n\t\t\t\t<a data-elementor-open-lightbox=\"yes\" data-elementor-lightbox-slideshow=\"42d834d\" data-elementor-lightbox-title=\"efecto llamas chimenea el\u00e9ctrica panoramica 2400\" data-e-action-hash=\"#elementor-action%3Aaction%3Dlightbox%26settings%3DeyJpZCI6NzQ0MDUsInVybCI6Imh0dHBzOlwvXC93d3cuYW1iaWZ1ZWdvLm5ldFwvd3AtY29udGVudFwvdXBsb2Fkc1wvMjAyMVwvMDVcL2VmZWN0b3MtZGUtbGxhbWFzX29wdGltaXplZF8xMXpvbi5qcGciLCJzbGlkZXNob3ciOiI0MmQ4MzRkIn0%3D\" data-elementor-lightbox-description=\"chimena electrica efecto llamas evonic\" href=\"https:\/\/www.ambifuego.net\/wp-content\/uploads\/2021\/05\/efectos-de-llamas_optimized_11zon.jpg\"><img loading=\"lazy\" width=\"400\" height=\"295\" src=\"https:\/\/www.ambifuego.net\/wp-content\/uploads\/2021\/05\/efectos-de-llamas_optimized_11zon-400x295.jpg\" alt=\"Evonic Elektrokamin mit Flammeneffekt. Mediathek. Vertrieb. Hersteller. Kamine.\" aria-describedby=\"gallery-1-74405\" decoding=\"async\"><\/a>\n\t\t\t\t<figcaption class=\"wp-caption-text gallery-caption\" id=\"gallery-1-74405\">\n Elektrokamine Evonic flammeneffeckt\n\t\t\t\t<\/figcaption><\/figure><figure class=\"gallery-item\">\n\t\t\t\t<a data-elementor-open-lightbox=\"yes\" data-elementor-lightbox-slideshow=\"42d834d\" data-elementor-lightbox-title=\"SPANISH_Flamerite-Fires-Brochure-2021_High_Res (1)-8_11zon\" data-e-action-hash=\"#elementor-action%3Aaction%3Dlightbox%26settings%3DeyJpZCI6NzQ1OTQsInVybCI6Imh0dHBzOlwvXC93d3cuYW1iaWZ1ZWdvLm5ldFwvd3AtY29udGVudFwvdXBsb2Fkc1wvMjAyMVwvMDVcL1NQQU5JU0hfRmxhbWVyaXRlLUZpcmVzLUJyb2NodXJlLTIwMjFfSGlnaF9SZXMtMS04XzExem9uLmpwZyIsInNsaWRlc2hvdyI6IjQyZDgzNGQifQ%3D%3D\" data-elementor-lightbox-description=\"Chimenea El\u00e9ct decorativa moderna1300-1000moderna glazer\" href=\"https:\/\/www.ambifuego.net\/wp-content\/uploads\/2021\/05\/SPANISH_Flamerite-Fires-Brochure-2021_High_Res-1-8_11zon.jpg\"><img loading=\"lazy\" width=\"400\" height=\"295\" src=\"https:\/\/www.ambifuego.net\/wp-content\/uploads\/2021\/05\/SPANISH_Flamerite-Fires-Brochure-2021_High_Res-1-8_11zon-400x295.jpg\" alt=\"Chimenea El\u00e9ct decorativa moderna1300-1000moderna glazer\" aria-describedby=\"gallery-1-74594\" decoding=\"async\"><\/a>\n\t\t\t\t<figcaption class=\"wp-caption-text gallery-caption\" id=\"gallery-1-74594\">\n oderner dekorativer Elektrokamin 1300-1000 modern Glazer\n\t\t\t\t<\/figcaption><\/figure><figure class=\"gallery-item\">\n\t\t\t\t<a data-elementor-open-lightbox=\"yes\" data-elementor-lightbox-slideshow=\"42d834d\" data-elementor-lightbox-title=\"vertical-75md-xl\" data-e-action-hash=\"#elementor-action%3Aaction%3Dlightbox%26settings%3DeyJpZCI6NzYwMjgsInVybCI6Imh0dHBzOlwvXC93d3cuYW1iaWZ1ZWdvLm5ldFwvd3AtY29udGVudFwvdXBsb2Fkc1wvMjAyNVwvMDdcLzEwNTB4NzAweDEwMHB4LXZlcnRpY2FsLTc1bWQteGxfb3B0aW1pemVkLWpwZ18xMXpvbl8xMXpvbi53ZWJwIiwic2xpZGVzaG93IjoiNDJkODM0ZCJ9\" data-elementor-lightbox-description=\"chimenea gran vision vertical 75 md xl\" href=\"https:\/\/www.ambifuego.net\/wp-content\/uploads\/2025\/07\/1050x700x100px-vertical-75md-xl_optimized-jpg_11zon_11zon.webp\"><img loading=\"lazy\" width=\"400\" height=\"295\" src=\"https:\/\/www.ambifuego.net\/wp-content\/uploads\/2025\/07\/1050x700x100px-vertical-75md-xl_optimized-jpg_11zon_11zon-400x295.webp\" alt=\"Vertikalkamin mit gro\u00dfer Sicht 75md-x\" aria-describedby=\"gallery-1-76028\" decoding=\"async\"><\/a>\n\t\t\t\t<figcaption class=\"wp-caption-text gallery-caption\" id=\"gallery-1-76028\">\n Vertikalkamin mit gro\u00dfer Sicht 75md-x\n\t\t\t\t<\/figcaption><\/figure>\n\t\t<p style=\"text-align: left;\">Mediathek Hersteller H\u00e4ndler Kamine \u2013 Unsere Galerie umfasst Gas-, Holz-, Pellet- und Elektrokamine, die in einer Vielzahl von Stilen und R\u00e4umen installiert sind, sodass Sie sehen k\u00f6nnen, wie sie in Wohnzimmer, Esszimmer oder Au\u00dfenbereiche passen.<\/p>\n<p style=\"text-align: left;\">Diese Bilder der Mediathek zeigen die Erfahrung und Hingabe, die wir in jede Installation stecken. Von der Auswahl des Modells bis zum Endergebnis in den H\u00e4usern unserer Kunden.<\/p>\n<p class=\"wp-block-gallery-1 is-layout-flex wp-block-gallery-is-layout-flex\">MER BILDER UND VIDEO K\u00d6NNEN SIE ABSPIELEN IN DEN SIE AUF <a href=\"https:\/\/vimeo.com\/ambifuego\" target=\"_blank\" rel=\"noopener\">Vimeo<\/a> &#8211; <a href=\"https:\/\/www.instagram.com\/ambifuegosur\/?__pwa=1\" target=\"_blank\" rel=\"noopener\">Instagram <\/a> &#8211; <a href=\"https:\/\/www.facebook.com\/ambifuego.sur\" target=\"_blank\" rel=\"noopener\">Facebook<\/a>&#8211; <a href=\"https:\/\/www.youtube.com\/@ambifuego\" target=\"_blank\" rel=\"noopener\">Youtube<\/a> KLICKEN<\/p>\n<figure><\/figure>\n","protected":false},"excerpt":{"rendered":"<p>Mediathek von Gas-, Elektro-, und Holzkaminen Mediathek von Kamin Hersteller und Verteiler in Spanien \u2013 In diesem Bereich zeigen wir Ihnen eine Auswahl unserer Kaminmodelle und einige Beispiele unserer Arbeit. Jedes Projekt spiegelt eine Kombination aus Design, Effizienz und Qualit\u00e4t mit sorgf\u00e4ltig gefertigten Oberfl\u00e4chen wider. Rechteckiger Gasbrenner f\u00fcr den Au\u00dfenbereich. Mediathek H\u00e4ndler Hersteller Kamine Edelstahl-Gasgrill [&hellip;]<\/p>\n","protected":false},"author":1,"featured_media":0,"parent":0,"menu_order":0,"comment_status":"closed","ping_status":"closed","template":"","meta":{"footnotes":""},"class_list":["post-78451","page","type-page","status-publish","hentry"],"_links":{"self":[{"href":"https:\/\/www.ambifuego.net\/es\/wp-json\/wp\/v2\/pages\/78451","targetHints":{"allow":["GET"]}}],"collection":[{"href":"https:\/\/www.ambifuego.net\/es\/wp-json\/wp\/v2\/pages"}],"about":[{"href":"https:\/\/www.ambifuego.net\/es\/wp-json\/wp\/v2\/types\/page"}],"author":[{"embeddable":true,"href":"https:\/\/www.ambifuego.net\/es\/wp-json\/wp\/v2\/users\/1"}],"replies":[{"embeddable":true,"href":"https:\/\/www.ambifuego.net\/es\/wp-json\/wp\/v2\/comments?post=78451"}],"version-history":[{"count":0,"href":"https:\/\/www.ambifuego.net\/es\/wp-json\/wp\/v2\/pages\/78451\/revisions"}],"wp:attachment":[{"href":"https:\/\/www.ambifuego.net\/es\/wp-json\/wp\/v2\/media?parent=78451"}],"curies":[{"name":"wp","href":"https:\/\/api.w.org\/{rel}","templated":true}]}}