{"id":30006,"date":"2020-04-04T20:23:47","date_gmt":"2020-04-04T20:23:47","guid":{"rendered":"https:\/\/www.ambifuego.net\/xtempx\/?page_id=30006"},"modified":"2025-09-26T20:40:02","modified_gmt":"2025-09-26T18:40:02","slug":"galeria","status":"publish","type":"page","link":"https:\/\/www.ambifuego.net\/es\/galeria\/","title":{"rendered":"Galeria"},"content":{"rendered":"\t\t<div data-elementor-type=\"wp-page\" data-elementor-id=\"30006\" class=\"elementor elementor-30006\" data-elementor-post-type=\"page\">\n\t\t\t\t<div class=\"elementor-element elementor-element-6bdec8c1 e-flex e-con-boxed e-con e-parent\" data-id=\"6bdec8c1\" data-element_type=\"container\" data-e-type=\"container\" data-settings=\"{&quot;background_background&quot;:&quot;classic&quot;}\">\n\t\t\t\t\t<div class=\"e-con-inner\">\n\t\t\t\t<div class=\"elementor-element elementor-element-3ae9312 elementor-widget elementor-widget-heading\" data-id=\"3ae9312\" data-element_type=\"widget\" data-e-type=\"widget\" data-widget_type=\"heading.default\">\n\t\t\t\t<div class=\"elementor-widget-container\">\n\t\t\t\t\t<h2 class=\"elementor-heading-title elementor-size-default\">Galer\u00eda de Im\u00e1genes de Chimeneas de Gas, El\u00e9ctricas y Le\u00f1a<\/h2>\t\t\t\t<\/div>\n\t\t\t\t<\/div>\n\t\t\t\t<div class=\"elementor-element elementor-element-8820b2d elementor-widget-divider--view-line elementor-widget elementor-widget-divider\" data-id=\"8820b2d\" data-element_type=\"widget\" data-e-type=\"widget\" data-widget_type=\"divider.default\">\n\t\t\t\t<div class=\"elementor-widget-container\">\n\t\t\t\t\t\t\t<div class=\"elementor-divider\">\n\t\t\t<span class=\"elementor-divider-separator\">\n\t\t\t\t\t\t<\/span>\n\t\t<\/div>\n\t\t\t\t\t\t<\/div>\n\t\t\t\t<\/div>\n\t\t\t\t<div class=\"elementor-element elementor-element-366e80d elementor-widget elementor-widget-text-editor\" data-id=\"366e80d\" data-element_type=\"widget\" data-e-type=\"widget\" data-widget_type=\"text-editor.default\">\n\t\t\t\t<div class=\"elementor-widget-container\">\n\t\t\t\t\t\t\t\t\t<p>En esta secci\u00f3n te mostramos una selecci\u00f3n de nuestros modelos de chimeneas y algunos ejemplos de nuestra forma de trabajar. Cada proyecto refleja la combinaci\u00f3n de dise\u00f1o, eficiencia y calidad, con acabados cuidados al detalle.<\/p>\t\t\t\t\t\t\t\t<\/div>\n\t\t\t\t<\/div>\n\t\t\t\t<div class=\"elementor-element elementor-element-42d834d elementor-widget elementor-widget-image-gallery\" data-id=\"42d834d\" data-element_type=\"widget\" data-e-type=\"widget\" data-widget_type=\"image-gallery.default\">\n\t\t\t\t<div class=\"elementor-widget-container\">\n\t\t\t\t\t\t\t<div class=\"elementor-image-gallery\">\n\t\t\t<div id='gallery-1' class='gallery galleryid-30006 gallery-columns-4 gallery-size-woocommerce_thumbnail'><figure class='gallery-item'>\n\t\t\t<div class='gallery-icon landscape'>\n\t\t\t\t<a data-elementor-open-lightbox=\"yes\" data-elementor-lightbox-slideshow=\"42d834d\" data-elementor-lightbox-title=\"80-ED-ESQUINA-_1050x700px_1_DRU_Lugo_80-\" data-e-action-hash=\"#elementor-action%3Aaction%3Dlightbox%26settings%3DeyJpZCI6Nzc2NTEsInVybCI6Imh0dHBzOlwvXC93d3cuYW1iaWZ1ZWdvLm5ldFwvd3AtY29udGVudFwvdXBsb2Fkc1wvMjAyNVwvMDlcLzgwLUVELUVTUVVJTkEtXzEwNTB4NzAwcHhfMV9EUlVfTHVnb184MC0yX25fMTF6b25fMTF6b25fMTF6b24ud2VicCIsInNsaWRlc2hvdyI6IjQyZDgzNGQifQ%3D%3D\" href='https:\/\/www.ambifuego.net\/wp-content\/uploads\/2025\/09\/80-ED-ESQUINA-_1050x700px_1_DRU_Lugo_80-2_n_11zon_11zon_11zon.webp'><img fetchpriority=\"high\" decoding=\"async\" width=\"400\" height=\"295\" src=\"https:\/\/www.ambifuego.net\/wp-content\/uploads\/2025\/09\/80-ED-ESQUINA-_1050x700px_1_DRU_Lugo_80-2_n_11zon_11zon_11zon-400x295.webp\" class=\"attachment-woocommerce_thumbnail size-woocommerce_thumbnail\" alt=\"Galeria Fabricante Chimeneas Espa\u00f1a chimenea esquina 2 lados 80 ed\" aria-describedby=\"gallery-1-77651\" \/><\/a>\n\t\t\t<\/div>\n\t\t\t\t<figcaption class='wp-caption-text gallery-caption' id='gallery-1-77651'>\n\t\t\t\t80-ED-ESQUINA-_1050x700px_1_DRU_Lugo_80-\n\t\t\t\t<\/figcaption><\/figure><figure class='gallery-item'>\n\t\t\t<div class='gallery-icon landscape'>\n\t\t\t\t<a data-elementor-open-lightbox=\"yes\" data-elementor-lightbox-slideshow=\"42d834d\" data-elementor-lightbox-title=\"parrillas con alimentos_11zon (1)_11zon\" data-e-action-hash=\"#elementor-action%3Aaction%3Dlightbox%26settings%3DeyJpZCI6NzcyMDMsInVybCI6Imh0dHBzOlwvXC93d3cuYW1iaWZ1ZWdvLm5ldFwvd3AtY29udGVudFwvdXBsb2Fkc1wvMjAyNVwvMDhcL3BhcnJpbGxhcy1jb24tYWxpbWVudG9zXzExem9uLTFfMTF6b24tMS53ZWJwIiwic2xpZGVzaG93IjoiNDJkODM0ZCJ9\" data-elementor-lightbox-description=\"barbacoa acero inoxidable robusta \" href='https:\/\/www.ambifuego.net\/wp-content\/uploads\/2025\/08\/parrillas-con-alimentos_11zon-1_11zon-1.webp'><img decoding=\"async\" width=\"400\" height=\"295\" src=\"https:\/\/www.ambifuego.net\/wp-content\/uploads\/2025\/08\/parrillas-con-alimentos_11zon-1_11zon-1-400x295.webp\" class=\"attachment-woocommerce_thumbnail size-woocommerce_thumbnail\" alt=\"barbacoa acero inoxidable robusta\" aria-describedby=\"gallery-1-77203\" \/><\/a>\n\t\t\t<\/div>\n\t\t\t\t<figcaption class='wp-caption-text gallery-caption' id='gallery-1-77203'>\n\t\t\t\tbarbacoa acero inoxidable robusta \n\t\t\t\t<\/figcaption><\/figure><figure class='gallery-item'>\n\t\t\t<div class='gallery-icon landscape'>\n\t\t\t\t<a data-elementor-open-lightbox=\"yes\" data-elementor-lightbox-slideshow=\"42d834d\" data-elementor-lightbox-title=\"quemador exterior rectangular gas\" data-e-action-hash=\"#elementor-action%3Aaction%3Dlightbox%26settings%3DeyJpZCI6NzcyMDAsInVybCI6Imh0dHBzOlwvXC93d3cuYW1iaWZ1ZWdvLm5ldFwvd3AtY29udGVudFwvdXBsb2Fkc1wvMjAyNVwvMDhcL1FVRU1BRE9SLUVYVEVSSU9SLVJFQ1RBTkdVTE9fMTF6b25fMTF6b24ud2VicCIsInNsaWRlc2hvdyI6IjQyZDgzNGQifQ%3D%3D\" data-elementor-lightbox-description=\"quemador exterior rectangular gas\" href='https:\/\/www.ambifuego.net\/wp-content\/uploads\/2025\/08\/QUEMADOR-EXTERIOR-RECTANGULO_11zon_11zon.webp'><img decoding=\"async\" width=\"400\" height=\"295\" src=\"https:\/\/www.ambifuego.net\/wp-content\/uploads\/2025\/08\/QUEMADOR-EXTERIOR-RECTANGULO_11zon_11zon-400x295.webp\" class=\"attachment-woocommerce_thumbnail size-woocommerce_thumbnail\" alt=\"quemdor exterior rectangular gas. Galeria Distribuidor Fabricante Chimeneas\" aria-describedby=\"gallery-1-77200\" \/><\/a>\n\t\t\t<\/div>\n\t\t\t\t<figcaption class='wp-caption-text gallery-caption' id='gallery-1-77200'>\n\t\t\t\tquemador exterior rectangular gas\n\t\t\t\t<\/figcaption><\/figure><figure class='gallery-item'>\n\t\t\t<div class='gallery-icon landscape'>\n\t\t\t\t<a data-elementor-open-lightbox=\"yes\" data-elementor-lightbox-slideshow=\"42d834d\" data-elementor-lightbox-title=\"llams gas- CERAGLASS_11zon_11zon\" data-e-action-hash=\"#elementor-action%3Aaction%3Dlightbox%26settings%3DeyJpZCI6NzYzOTcsInVybCI6Imh0dHBzOlwvXC93d3cuYW1iaWZ1ZWdvLm5ldFwvd3AtY29udGVudFwvdXBsb2Fkc1wvMjAyNVwvMDdcL2xsYW1zLWdhcy1DRVJBR0xBU1NfMTF6b25fMTF6b24ud2VicCIsInNsaWRlc2hvdyI6IjQyZDgzNGQifQ%3D%3D\" data-elementor-lightbox-description=\"ceraglass reflejo llamas\" href='https:\/\/www.ambifuego.net\/wp-content\/uploads\/2025\/07\/llams-gas-CERAGLASS_11zon_11zon.webp'><img loading=\"lazy\" decoding=\"async\" width=\"400\" height=\"295\" src=\"https:\/\/www.ambifuego.net\/wp-content\/uploads\/2025\/07\/llams-gas-CERAGLASS_11zon_11zon-400x295.webp\" class=\"attachment-woocommerce_thumbnail size-woocommerce_thumbnail\" alt=\"Glass Fronted fireplace 140am ceraglass reflejo llamas\" aria-describedby=\"gallery-1-76397\" \/><\/a>\n\t\t\t<\/div>\n\t\t\t\t<figcaption class='wp-caption-text gallery-caption' id='gallery-1-76397'>\n\t\t\t\tceraglass reflejo llamas\n\t\t\t\t<\/figcaption><\/figure><figure class='gallery-item'>\n\t\t\t<div class='gallery-icon landscape'>\n\t\t\t\t<a data-elementor-open-lightbox=\"yes\" data-elementor-lightbox-slideshow=\"42d834d\" data-elementor-lightbox-title=\"panoramica frente gas 240 ee\" data-e-action-hash=\"#elementor-action%3Aaction%3Dlightbox%26settings%3DeyJpZCI6NzY2OTYsInVybCI6Imh0dHBzOlwvXC93d3cuYW1iaWZ1ZWdvLm5ldFwvd3AtY29udGVudFwvdXBsb2Fkc1wvMjAyNVwvMDhcLzI0MC1FRS1GUkVOVEUtR0FTLV8xMXpvbl8xMXpvbi53ZWJwIiwic2xpZGVzaG93IjoiNDJkODM0ZCJ9\" data-elementor-lightbox-description=\"panoramica frente gas 240 ee\" href='https:\/\/www.ambifuego.net\/wp-content\/uploads\/2025\/08\/240-EE-FRENTE-GAS-_11zon_11zon.webp'><img loading=\"lazy\" decoding=\"async\" width=\"400\" height=\"295\" src=\"https:\/\/www.ambifuego.net\/wp-content\/uploads\/2025\/08\/240-EE-FRENTE-GAS-_11zon_11zon-400x295.webp\" class=\"attachment-woocommerce_thumbnail size-woocommerce_thumbnail\" alt=\"panoramica frente gas 240 ee\" aria-describedby=\"gallery-1-76696\" \/><\/a>\n\t\t\t<\/div>\n\t\t\t\t<figcaption class='wp-caption-text gallery-caption' id='gallery-1-76696'>\n\t\t\t\tpanoramica frente gas 240 ee\n\t\t\t\t<\/figcaption><\/figure><figure class='gallery-item'>\n\t\t\t<div class='gallery-icon landscape'>\n\t\t\t\t<a data-elementor-open-lightbox=\"yes\" data-elementor-lightbox-slideshow=\"42d834d\" data-elementor-lightbox-title=\"DRU_Metro_150XT_Eco_Wave_ piedras\" data-e-action-hash=\"#elementor-action%3Aaction%3Dlightbox%26settings%3DeyJpZCI6NzYzODcsInVybCI6Imh0dHBzOlwvXC93d3cuYW1iaWZ1ZWdvLm5ldFwvd3AtY29udGVudFwvdXBsb2Fkc1wvMjAyNVwvMDdcL0M1MjAyMF8xMDUweDcwMHB4XzJfRFJVX01ldHJvXzE1MFhUX0Vjb19XYXZlX3N0ZW5lbl8xMXpvbl8xMXpvbi53ZWJwIiwic2xpZGVzaG93IjoiNDJkODM0ZCJ9\" data-elementor-lightbox-description=\"chimenea panoramica frente gas 150 ED\" href='https:\/\/www.ambifuego.net\/wp-content\/uploads\/2025\/07\/C52020_1050x700px_2_DRU_Metro_150XT_Eco_Wave_stenen_11zon_11zon.webp'><img loading=\"lazy\" decoding=\"async\" width=\"400\" height=\"295\" src=\"https:\/\/www.ambifuego.net\/wp-content\/uploads\/2025\/07\/C52020_1050x700px_2_DRU_Metro_150XT_Eco_Wave_stenen_11zon_11zon-400x295.webp\" class=\"attachment-woocommerce_thumbnail size-woocommerce_thumbnail\" alt=\"chimenea panoramica frente gas 150 ED\" aria-describedby=\"gallery-1-76387\" \/><\/a>\n\t\t\t<\/div>\n\t\t\t\t<figcaption class='wp-caption-text gallery-caption' id='gallery-1-76387'>\n\t\t\t\tchimenea panoramica frente gas 150 ED\n\t\t\t\t<\/figcaption><\/figure><figure class='gallery-item'>\n\t\t\t<div class='gallery-icon landscape'>\n\t\t\t\t<a data-elementor-open-lightbox=\"yes\" data-elementor-lightbox-slideshow=\"42d834d\" data-elementor-lightbox-title=\"Metro_80XT_piedra blancas_11zon_11zon\" data-e-action-hash=\"#elementor-action%3Aaction%3Dlightbox%26settings%3DeyJpZCI6NzYyNjIsInVybCI6Imh0dHBzOlwvXC93d3cuYW1iaWZ1ZWdvLm5ldFwvd3AtY29udGVudFwvdXBsb2Fkc1wvMjAyNVwvMDdcLzEwNTB4NzAwcHhfMl9EUlVfTWV0cm9fODBYVF9waWVkcmEtYmxhbmNhc18xMXpvbl8xMXpvbi53ZWJwIiwic2xpZGVzaG93IjoiNDJkODM0ZCJ9\" data-elementor-lightbox-description=\"PANORAMICA FRENTE GAS 80ED\" href='https:\/\/www.ambifuego.net\/wp-content\/uploads\/2025\/07\/1050x700px_2_DRU_Metro_80XT_piedra-blancas_11zon_11zon.webp'><img loading=\"lazy\" decoding=\"async\" width=\"400\" height=\"295\" src=\"https:\/\/www.ambifuego.net\/wp-content\/uploads\/2025\/07\/1050x700px_2_DRU_Metro_80XT_piedra-blancas_11zon_11zon-400x295.webp\" class=\"attachment-woocommerce_thumbnail size-woocommerce_thumbnail\" alt=\"PANORAMICA FRENTE GAS 80ED\" aria-describedby=\"gallery-1-76262\" \/><\/a>\n\t\t\t<\/div>\n\t\t\t\t<figcaption class='wp-caption-text gallery-caption' id='gallery-1-76262'>\n\t\t\t\tPANORAMICA FRENTE GAS 80ED\n\t\t\t\t<\/figcaption><\/figure><figure class='gallery-item'>\n\t\t\t<div class='gallery-icon landscape'>\n\t\t\t\t<a data-elementor-open-lightbox=\"yes\" data-elementor-lightbox-slideshow=\"42d834d\" data-elementor-lightbox-title=\"efecto llamas chimenea el\u00e9ctrica panoramica 2400\" data-e-action-hash=\"#elementor-action%3Aaction%3Dlightbox%26settings%3DeyJpZCI6NzQ0MDUsInVybCI6Imh0dHBzOlwvXC93d3cuYW1iaWZ1ZWdvLm5ldFwvd3AtY29udGVudFwvdXBsb2Fkc1wvMjAyMVwvMDVcL2VmZWN0b3MtZGUtbGxhbWFzX29wdGltaXplZF8xMXpvbi5qcGciLCJzbGlkZXNob3ciOiI0MmQ4MzRkIn0%3D\" data-elementor-lightbox-description=\"chimena electrica efecto llamas evonic\" href='https:\/\/www.ambifuego.net\/wp-content\/uploads\/2021\/05\/efectos-de-llamas_optimized_11zon.jpg'><img loading=\"lazy\" decoding=\"async\" width=\"400\" height=\"295\" src=\"https:\/\/www.ambifuego.net\/wp-content\/uploads\/2021\/05\/efectos-de-llamas_optimized_11zon-400x295.jpg\" class=\"attachment-woocommerce_thumbnail size-woocommerce_thumbnail\" alt=\"chimena electrica efecto llamas evonic Galeria Distribuidor Fabricante Chimeneas\" aria-describedby=\"gallery-1-74405\" \/><\/a>\n\t\t\t<\/div>\n\t\t\t\t<figcaption class='wp-caption-text gallery-caption' id='gallery-1-74405'>\n\t\t\t\tchimena electrica efecto llamas evonic\n\t\t\t\t<\/figcaption><\/figure><figure class='gallery-item'>\n\t\t\t<div class='gallery-icon landscape'>\n\t\t\t\t<a data-elementor-open-lightbox=\"yes\" data-elementor-lightbox-slideshow=\"42d834d\" data-elementor-lightbox-title=\"vertical-75md-xl\" data-e-action-hash=\"#elementor-action%3Aaction%3Dlightbox%26settings%3DeyJpZCI6NzYwMjgsInVybCI6Imh0dHBzOlwvXC93d3cuYW1iaWZ1ZWdvLm5ldFwvd3AtY29udGVudFwvdXBsb2Fkc1wvMjAyNVwvMDdcLzEwNTB4NzAweDEwMHB4LXZlcnRpY2FsLTc1bWQteGxfb3B0aW1pemVkLWpwZ18xMXpvbl8xMXpvbi53ZWJwIiwic2xpZGVzaG93IjoiNDJkODM0ZCJ9\" data-elementor-lightbox-description=\"chimenea gran vision vertical  75 md xl\" href='https:\/\/www.ambifuego.net\/wp-content\/uploads\/2025\/07\/1050x700x100px-vertical-75md-xl_optimized-jpg_11zon_11zon.webp'><img loading=\"lazy\" decoding=\"async\" width=\"400\" height=\"295\" src=\"https:\/\/www.ambifuego.net\/wp-content\/uploads\/2025\/07\/1050x700x100px-vertical-75md-xl_optimized-jpg_11zon_11zon-400x295.webp\" class=\"attachment-woocommerce_thumbnail size-woocommerce_thumbnail\" alt=\"chimenea gran vision vertical 75md-xl\" aria-describedby=\"gallery-1-76028\" \/><\/a>\n\t\t\t<\/div>\n\t\t\t\t<figcaption class='wp-caption-text gallery-caption' id='gallery-1-76028'>\n\t\t\t\tchimenea gran vision vertical  75md-xl\n\t\t\t\t<\/figcaption><\/figure><figure class='gallery-item'>\n\t\t\t<div class='gallery-icon landscape'>\n\t\t\t\t<a data-elementor-open-lightbox=\"yes\" data-elementor-lightbox-slideshow=\"42d834d\" data-elementor-lightbox-title=\"evoniic-frente_1980x800\" data-e-action-hash=\"#elementor-action%3Aaction%3Dlightbox%26settings%3DeyJpZCI6NzUyMTIsInVybCI6Imh0dHBzOlwvXC93d3cuYW1iaWZ1ZWdvLm5ldFwvd3AtY29udGVudFwvdXBsb2Fkc1wvMjAyNVwvMDdcL2V2b25paWMtZnJlbnRlXzE5ODB4ODAwLmpwZyIsInNsaWRlc2hvdyI6IjQyZDgzNGQifQ%3D%3D\" data-elementor-lightbox-description=\"chimenea gran vision vertical  75 md xl\" href='https:\/\/www.ambifuego.net\/wp-content\/uploads\/2025\/07\/evoniic-frente_1980x800.jpg'><img loading=\"lazy\" decoding=\"async\" width=\"400\" height=\"295\" src=\"https:\/\/www.ambifuego.net\/wp-content\/uploads\/2025\/07\/evoniic-frente_1980x800-400x295.jpg\" class=\"attachment-woocommerce_thumbnail size-woocommerce_thumbnail\" alt=\"\" \/><\/a>\n\t\t\t<\/div><\/figure>\n\t\t<\/div>\n\t\t<\/div>\n\t\t\t\t\t\t<\/div>\n\t\t\t\t<\/div>\n\t\t\t\t<div class=\"elementor-element elementor-element-3f332ed elementor-widget elementor-widget-text-editor\" data-id=\"3f332ed\" data-element_type=\"widget\" data-e-type=\"widget\" data-widget_type=\"text-editor.default\">\n\t\t\t\t<div class=\"elementor-widget-container\">\n\t\t\t\t\t\t\t\t\t<p style=\"text-align: left;\">Galeria Fabricante Chimeneas Espa\u00f1a- Nuestra galer\u00eda incluye chimeneas de gas, le\u00f1a, pellets y el\u00e9ctricas, instaladas en diferentes estilos y espacios, para que puedas ver c\u00f3mo se integran en salones, comedores o ambientes exteriores.<\/p>\n<p style=\"text-align: left;\">M\u00e1s que un cat\u00e1logo, esta galer\u00eda es una muestra de la experiencia y dedicaci\u00f3n que ponemos en cada instalaci\u00f3n, desde la elecci\u00f3n del modelo hasta el resultado final en el hogar de nuestros clientes.<\/p>\t\t\t\t\t\t\t\t<\/div>\n\t\t\t\t<\/div>\n\t\t\t\t<div class=\"elementor-element elementor-element-3cfa328b elementor-widget elementor-widget-text-editor\" data-id=\"3cfa328b\" data-element_type=\"widget\" data-e-type=\"widget\" data-widget_type=\"text-editor.default\">\n\t\t\t\t<div class=\"elementor-widget-container\">\n\t\t\t\t\t\t\t\t\t\n<p class=\"wp-block-gallery-2\">M\u00c1S\u00a0IM\u00c1GENES Y VIDEOS EN\u00a0 \u00a0<a href=\"https:\/\/vimeo.com\/ambifuego\" target=\"_blank\" rel=\"noopener\">Vimeo<\/a>\u00a0 &#8211;\u00a0 <a href=\"https:\/\/www.instagram.com\/ambifuegosur\/?__pwa=1\" target=\"_blank\" rel=\"noopener\">Instagram\u00a0<\/a> &#8211; \u00a0<a href=\"https:\/\/www.facebook.com\/ambifuego.sur\" target=\"_blank\" rel=\"noopener\">Facebook<\/a>&#8211; <a href=\"https:\/\/www.youtube.com\/@ambifuego\" target=\"_blank\" rel=\"noopener\">Youtube<\/a><\/p>\n<figure class=\"wp-block-gallery has-nested-images columns-default is-cropped is-layout-flex wp-block-gallery-is-layout-flex\"><\/figure>\n\t\t\t\t\t\t\t\t<\/div>\n\t\t\t\t<\/div>\n\t\t\t\t\t<\/div>\n\t\t\t\t<\/div>\n\t\t\t\t<\/div>\n\t\t","protected":false},"excerpt":{"rendered":"<p>Galer\u00eda de Im\u00e1genes de Chimeneas de Gas, El\u00e9ctricas y Le\u00f1a En esta secci\u00f3n te mostramos una selecci\u00f3n de nuestros modelos de chimeneas y algunos ejemplos de nuestra forma de trabajar. Cada proyecto refleja la combinaci\u00f3n de dise\u00f1o, eficiencia y calidad, con acabados cuidados al detalle. 80-ED-ESQUINA-_1050x700px_1_DRU_Lugo_80- barbacoa acero inoxidable robusta quemador exterior rectangular gas estufa [&hellip;]<\/p>\n","protected":false},"author":1,"featured_media":0,"parent":0,"menu_order":0,"comment_status":"closed","ping_status":"closed","template":"","meta":{"footnotes":""},"class_list":["post-30006","page","type-page","status-publish","hentry"],"_links":{"self":[{"href":"https:\/\/www.ambifuego.net\/es\/wp-json\/wp\/v2\/pages\/30006","targetHints":{"allow":["GET"]}}],"collection":[{"href":"https:\/\/www.ambifuego.net\/es\/wp-json\/wp\/v2\/pages"}],"about":[{"href":"https:\/\/www.ambifuego.net\/es\/wp-json\/wp\/v2\/types\/page"}],"author":[{"embeddable":true,"href":"https:\/\/www.ambifuego.net\/es\/wp-json\/wp\/v2\/users\/1"}],"replies":[{"embeddable":true,"href":"https:\/\/www.ambifuego.net\/es\/wp-json\/wp\/v2\/comments?post=30006"}],"version-history":[{"count":0,"href":"https:\/\/www.ambifuego.net\/es\/wp-json\/wp\/v2\/pages\/30006\/revisions"}],"wp:attachment":[{"href":"https:\/\/www.ambifuego.net\/es\/wp-json\/wp\/v2\/media?parent=30006"}],"curies":[{"name":"wp","href":"https:\/\/api.w.org\/{rel}","templated":true}]}}